{"id":116,"date":"2025-05-12T13:24:29","date_gmt":"2025-05-12T18:24:29","guid":{"rendered":"https:\/\/ecoweb.com.co\/caroc3\/?page_id=116"},"modified":"2025-05-15T11:56:21","modified_gmt":"2025-05-15T16:56:21","slug":"sobre-mi","status":"publish","type":"page","link":"https:\/\/www.c3carocorrea.com\/spanish\/sobre-mi\/","title":{"rendered":"Sobre mi"},"content":{"rendered":"<div class=\"wpb-content-wrapper\"><p>[vc_row full_width=&#8221;stretch_row_content_no_spaces&#8221; content_placement=&#8221;middle&#8221; conditional_render=&#8221;%5B%7B%22value_role%22%3A%22administrator%22%7D%5D&#8221; css=&#8221;.vc_custom_1747232085984{background-image: url(https:\/\/www.c3carocorrea.com\/wp-content\/uploads\/2025\/05\/fondo-about2.png?id=39) !important;background-position: center !important;background-repeat: no-repeat !important;background-size: cover !important;}&#8221; el_id=&#8221;about-me&#8221;][vc_column width=&#8221;2\/3&#8243; css=&#8221;.vc_custom_1746834850621{padding-top: 5% !important;padding-right: 7% !important;padding-bottom: 3% !important;padding-left: 7% !important;}&#8221; conditional_render=&#8221;%5B%7B%22value_role%22%3A%22administrator%22%7D%5D&#8221;][vc_column_text css_animation=&#8221;zoomIn&#8221;]<\/p>\n<p style=\"text-align: left; font-size: 17pt; color: #ae906b; font-weight: 600;\">PERFIL PROFESIONAL<\/p>\n<p><img loading=\"lazy\" decoding=\"async\" class=\"wp-image-42 alignleft\" src=\"\/spanish\/wp-content\/uploads\/2025\/05\/caro2.png\" alt=\"\" width=\"424\" height=\"47\" \/>[\/vc_column_text][vc_column_text css_animation=&#8221;zoomIn&#8221;]<\/p>\n<p class=\"texto\" style=\"text-align: left; font-size: 13pt; line-height: 1.6;\">Soy una profesional del dise\u00f1o comprometida, creativa y con enfoque estrat\u00e9gico. A lo largo de mi carrera he liderado y desarrollado proyectos en dise\u00f1o gr\u00e1fico publicitario, branding, dise\u00f1o textil, redes sociales y producci\u00f3n impresa\/digital. Trabajo desde la empat\u00eda, combinando est\u00e9tica, funcionalidad y comunicaci\u00f3n efectiva. Me caracterizo por mi adaptabilidad, pensamiento cr\u00edtico y habilidad para generar soluciones visuales que conectan con el p\u00fablico objetivo.<\/p>\n<p>[\/vc_column_text][\/vc_column][vc_column width=&#8221;1\/3&#8243;][vc_column_text css_animation=&#8221;zoomIn&#8221;]<\/p>\n<p style=\"text-align: right;\"><img decoding=\"async\" class=\"alignnone size-medium wp-image-29\" src=\"\/wp-content\/uploads\/2025\/05\/caro.png\" alt=\"\" width=\"90%\" height=\"NaN\" srcset=\"https:\/\/www.c3carocorrea.com\/spanish\/wp-content\/uploads\/2025\/05\/caro.png 702w, https:\/\/www.c3carocorrea.com\/spanish\/wp-content\/uploads\/2025\/05\/caro-640x894.png 640w, https:\/\/www.c3carocorrea.com\/spanish\/wp-content\/uploads\/2025\/05\/caro-400x559.png 400w, https:\/\/www.c3carocorrea.com\/spanish\/wp-content\/uploads\/2025\/05\/caro-367x513.png 367w\" sizes=\"(max-width: 702px) 100vw, 702px\" \/><\/p>\n<p>[\/vc_column_text][\/vc_column][\/vc_row][vc_row full_width=&#8221;stretch_row_content_no_spaces&#8221; css_animation=&#8221;zoomIn&#8221; el_class=&#8221;seo-block-home text-center color-white&#8221; css=&#8221;.vc_custom_1747234766096{margin-top: -35px !important;margin-bottom: -4% !important;padding-right: 7% !important;padding-bottom: 7% !important;padding-left: 7% !important;}&#8221; conditional_render=&#8221;%5B%7B%22value_role%22%3A%22administrator%22%7D%5D&#8221;][vc_column][vc_row_inner][vc_column_inner][vc_column_text css_animation=&#8221;zoomIn&#8221;]<\/p>\n<p class=\"titulo\" style=\"font-size: 26pt; line-height: 1.6; color: #000000; font-weight: 600; text-align: left;\">EXPERIENCIA<\/p>\n<p>[\/vc_column_text][vc_column_text css_animation=&#8221;zoomIn&#8221;]<\/p>\n<p class=\"texto\" style=\"font-size: 14pt; line-height: 1.6; color: #000000; text-align: left;\">He trabajado como dise\u00f1adora gr\u00e1fica y directora creativa en empresas como Globo Publicidad, Chachitas Moda, Organizaci\u00f3n Santa Luc\u00eda y Silver Crystal Group en Canad\u00e1. Actualmente lidero mi proyecto freelance BrandCore Social Hub, donde colaboro con emprendedores ofreciendo soluciones visuales personalizadas en dise\u00f1o gr\u00e1fico, branding y redes sociales. Tambi\u00e9n he sido vendedora independiente y he participado activamente en comunidades de mujeres como dise\u00f1adora, gestora y administradora de contenido visual.<\/p>\n<p>[\/vc_column_text][\/vc_column_inner][\/vc_row_inner][\/vc_column][\/vc_row]<\/p>\n<\/div>","protected":false},"excerpt":{"rendered":"<p>[vc_row full_width=&#8221;stretch_row_content_no_spaces&#8221; content_placement=&#8221;middle&#8221; conditional_render=&#8221;%5B%7B%22value_role%22%3A%22administrator%22%7D%5D&#8221; css=&#8221;.vc_custom_1747232085984{background-image: url(https:\/\/www.c3carocorrea.com\/wp-content\/uploads\/2025\/05\/fondo-about2.png?id=39) !important;background-position: center !important;background-repeat: no-repeat !important;background-size: cover !important;}&#8221; el_id=&#8221;about-me&#8221;][vc_column width=&#8221;2\/3&#8243; css=&#8221;.vc_custom_1746834850621{padding-top: 5% !important;padding-right: 7% !important;padding-bottom: 3% !important;padding-left: 7% !important;}&#8221; conditional_render=&#8221;%5B%7B%22value_role%22%3A%22administrator%22%7D%5D&#8221;][vc_column_text css_animation=&#8221;zoomIn&#8221;] PERFIL PROFESIONAL [\/vc_column_text][vc_column_text css_animation=&#8221;zoomIn&#8221;] Soy una profesional del dise\u00f1o comprometida, creativa y con enfoque estrat\u00e9gico. A lo largo de mi carrera he liderado y desarrollado proyectos en dise\u00f1o gr\u00e1fico [&hellip;]<\/p>\n","protected":false},"author":1,"featured_media":0,"parent":0,"menu_order":0,"comment_status":"closed","ping_status":"closed","template":"","meta":{"footnotes":""},"class_list":["post-116","page","type-page","status-publish","hentry"],"yoast_head":"<!-- This site is optimized with the Yoast SEO plugin v27.5 - https:\/\/yoast.com\/product\/yoast-seo-wordpress\/ -->\n<title>Sobre mi - C3 Caro Correa<\/title>\n<meta name=\"robots\" content=\"index, follow, max-snippet:-1, max-image-preview:large, max-video-preview:-1\" \/>\n<link rel=\"canonical\" href=\"https:\/\/www.c3carocorrea.com\/spanish\/sobre-mi\/\" \/>\n<meta property=\"og:locale\" content=\"es_ES\" \/>\n<meta property=\"og:type\" content=\"article\" \/>\n<meta property=\"og:title\" content=\"Sobre mi - C3 Caro Correa\" \/>\n<meta property=\"og:description\" content=\"[vc_row full_width=&#8221;stretch_row_content_no_spaces&#8221; content_placement=&#8221;middle&#8221; conditional_render=&#8221;%5B%7B%22value_role%22%3A%22administrator%22%7D%5D&#8221; css=&#8221;.vc_custom_1747232085984{background-image: url(https:\/\/www.c3carocorrea.com\/wp-content\/uploads\/2025\/05\/fondo-about2.png?id=39) !important;background-position: center !important;background-repeat: no-repeat !important;background-size: cover !important;}&#8221; el_id=&#8221;about-me&#8221;][vc_column width=&#8221;2\/3&#8243; css=&#8221;.vc_custom_1746834850621{padding-top: 5% !important;padding-right: 7% !important;padding-bottom: 3% !important;padding-left: 7% !important;}&#8221; conditional_render=&#8221;%5B%7B%22value_role%22%3A%22administrator%22%7D%5D&#8221;][vc_column_text css_animation=&#8221;zoomIn&#8221;] PERFIL PROFESIONAL [\/vc_column_text][vc_column_text css_animation=&#8221;zoomIn&#8221;] Soy una profesional del dise\u00f1o comprometida, creativa y con enfoque estrat\u00e9gico. A lo largo de mi carrera he liderado y desarrollado proyectos en dise\u00f1o gr\u00e1fico [&hellip;]\" \/>\n<meta property=\"og:url\" content=\"https:\/\/www.c3carocorrea.com\/spanish\/sobre-mi\/\" \/>\n<meta property=\"og:site_name\" content=\"C3 Caro Correa\" \/>\n<meta property=\"article:modified_time\" content=\"2025-05-15T16:56:21+00:00\" \/>\n<meta property=\"og:image\" content=\"https:\/\/www.c3carocorrea.com\/spanish\/wp-content\/uploads\/2025\/05\/nombre.png\" \/>\n\t<meta property=\"og:image:width\" content=\"648\" \/>\n\t<meta property=\"og:image:height\" content=\"110\" \/>\n\t<meta property=\"og:image:type\" content=\"image\/png\" \/>\n<meta name=\"twitter:card\" content=\"summary_large_image\" \/>\n<meta name=\"twitter:label1\" content=\"Tiempo de lectura\" \/>\n\t<meta name=\"twitter:data1\" content=\"2 minutos\" \/>\n<script type=\"application\/ld+json\" class=\"yoast-schema-graph\">{\"@context\":\"https:\\\/\\\/schema.org\",\"@graph\":[{\"@type\":\"WebPage\",\"@id\":\"https:\\\/\\\/www.c3carocorrea.com\\\/spanish\\\/sobre-mi\\\/\",\"url\":\"https:\\\/\\\/www.c3carocorrea.com\\\/spanish\\\/sobre-mi\\\/\",\"name\":\"Sobre mi - C3 Caro Correa\",\"isPartOf\":{\"@id\":\"https:\\\/\\\/www.c3carocorrea.com\\\/spanish\\\/#website\"},\"datePublished\":\"2025-05-12T18:24:29+00:00\",\"dateModified\":\"2025-05-15T16:56:21+00:00\",\"breadcrumb\":{\"@id\":\"https:\\\/\\\/www.c3carocorrea.com\\\/spanish\\\/sobre-mi\\\/#breadcrumb\"},\"inLanguage\":\"es-CO\",\"potentialAction\":[{\"@type\":\"ReadAction\",\"target\":[\"https:\\\/\\\/www.c3carocorrea.com\\\/spanish\\\/sobre-mi\\\/\"]}]},{\"@type\":\"BreadcrumbList\",\"@id\":\"https:\\\/\\\/www.c3carocorrea.com\\\/spanish\\\/sobre-mi\\\/#breadcrumb\",\"itemListElement\":[{\"@type\":\"ListItem\",\"position\":1,\"name\":\"Inicio\",\"item\":\"https:\\\/\\\/www.c3carocorrea.com\\\/spanish\\\/\"},{\"@type\":\"ListItem\",\"position\":2,\"name\":\"Sobre mi\"}]},{\"@type\":\"WebSite\",\"@id\":\"https:\\\/\\\/www.c3carocorrea.com\\\/spanish\\\/#website\",\"url\":\"https:\\\/\\\/www.c3carocorrea.com\\\/spanish\\\/\",\"name\":\"C3 Caro Correa\",\"description\":\"Agencia de Marketing\",\"publisher\":{\"@id\":\"https:\\\/\\\/www.c3carocorrea.com\\\/spanish\\\/#organization\"},\"potentialAction\":[{\"@type\":\"SearchAction\",\"target\":{\"@type\":\"EntryPoint\",\"urlTemplate\":\"https:\\\/\\\/www.c3carocorrea.com\\\/spanish\\\/?s={search_term_string}\"},\"query-input\":{\"@type\":\"PropertyValueSpecification\",\"valueRequired\":true,\"valueName\":\"search_term_string\"}}],\"inLanguage\":\"es-CO\"},{\"@type\":\"Organization\",\"@id\":\"https:\\\/\\\/www.c3carocorrea.com\\\/spanish\\\/#organization\",\"name\":\"C3 Caro Correa\",\"url\":\"https:\\\/\\\/www.c3carocorrea.com\\\/spanish\\\/\",\"logo\":{\"@type\":\"ImageObject\",\"inLanguage\":\"es-CO\",\"@id\":\"https:\\\/\\\/www.c3carocorrea.com\\\/spanish\\\/#\\\/schema\\\/logo\\\/image\\\/\",\"url\":\"https:\\\/\\\/www.c3carocorrea.com\\\/spanish\\\/wp-content\\\/uploads\\\/2025\\\/05\\\/nombre.png\",\"contentUrl\":\"https:\\\/\\\/www.c3carocorrea.com\\\/spanish\\\/wp-content\\\/uploads\\\/2025\\\/05\\\/nombre.png\",\"width\":648,\"height\":110,\"caption\":\"C3 Caro Correa\"},\"image\":{\"@id\":\"https:\\\/\\\/www.c3carocorrea.com\\\/spanish\\\/#\\\/schema\\\/logo\\\/image\\\/\"}}]}<\/script>\n<!-- \/ Yoast SEO plugin. -->","yoast_head_json":{"title":"Sobre mi - C3 Caro Correa","robots":{"index":"index","follow":"follow","max-snippet":"max-snippet:-1","max-image-preview":"max-image-preview:large","max-video-preview":"max-video-preview:-1"},"canonical":"https:\/\/www.c3carocorrea.com\/spanish\/sobre-mi\/","og_locale":"es_ES","og_type":"article","og_title":"Sobre mi - C3 Caro Correa","og_description":"[vc_row full_width=&#8221;stretch_row_content_no_spaces&#8221; content_placement=&#8221;middle&#8221; conditional_render=&#8221;%5B%7B%22value_role%22%3A%22administrator%22%7D%5D&#8221; css=&#8221;.vc_custom_1747232085984{background-image: url(https:\/\/www.c3carocorrea.com\/wp-content\/uploads\/2025\/05\/fondo-about2.png?id=39) !important;background-position: center !important;background-repeat: no-repeat !important;background-size: cover !important;}&#8221; el_id=&#8221;about-me&#8221;][vc_column width=&#8221;2\/3&#8243; css=&#8221;.vc_custom_1746834850621{padding-top: 5% !important;padding-right: 7% !important;padding-bottom: 3% !important;padding-left: 7% !important;}&#8221; conditional_render=&#8221;%5B%7B%22value_role%22%3A%22administrator%22%7D%5D&#8221;][vc_column_text css_animation=&#8221;zoomIn&#8221;] PERFIL PROFESIONAL [\/vc_column_text][vc_column_text css_animation=&#8221;zoomIn&#8221;] Soy una profesional del dise\u00f1o comprometida, creativa y con enfoque estrat\u00e9gico. A lo largo de mi carrera he liderado y desarrollado proyectos en dise\u00f1o gr\u00e1fico [&hellip;]","og_url":"https:\/\/www.c3carocorrea.com\/spanish\/sobre-mi\/","og_site_name":"C3 Caro Correa","article_modified_time":"2025-05-15T16:56:21+00:00","og_image":[{"width":648,"height":110,"url":"https:\/\/www.c3carocorrea.com\/spanish\/wp-content\/uploads\/2025\/05\/nombre.png","type":"image\/png"}],"twitter_card":"summary_large_image","twitter_misc":{"Tiempo de lectura":"2 minutos"},"schema":{"@context":"https:\/\/schema.org","@graph":[{"@type":"WebPage","@id":"https:\/\/www.c3carocorrea.com\/spanish\/sobre-mi\/","url":"https:\/\/www.c3carocorrea.com\/spanish\/sobre-mi\/","name":"Sobre mi - C3 Caro Correa","isPartOf":{"@id":"https:\/\/www.c3carocorrea.com\/spanish\/#website"},"datePublished":"2025-05-12T18:24:29+00:00","dateModified":"2025-05-15T16:56:21+00:00","breadcrumb":{"@id":"https:\/\/www.c3carocorrea.com\/spanish\/sobre-mi\/#breadcrumb"},"inLanguage":"es-CO","potentialAction":[{"@type":"ReadAction","target":["https:\/\/www.c3carocorrea.com\/spanish\/sobre-mi\/"]}]},{"@type":"BreadcrumbList","@id":"https:\/\/www.c3carocorrea.com\/spanish\/sobre-mi\/#breadcrumb","itemListElement":[{"@type":"ListItem","position":1,"name":"Inicio","item":"https:\/\/www.c3carocorrea.com\/spanish\/"},{"@type":"ListItem","position":2,"name":"Sobre mi"}]},{"@type":"WebSite","@id":"https:\/\/www.c3carocorrea.com\/spanish\/#website","url":"https:\/\/www.c3carocorrea.com\/spanish\/","name":"C3 Caro Correa","description":"Agencia de Marketing","publisher":{"@id":"https:\/\/www.c3carocorrea.com\/spanish\/#organization"},"potentialAction":[{"@type":"SearchAction","target":{"@type":"EntryPoint","urlTemplate":"https:\/\/www.c3carocorrea.com\/spanish\/?s={search_term_string}"},"query-input":{"@type":"PropertyValueSpecification","valueRequired":true,"valueName":"search_term_string"}}],"inLanguage":"es-CO"},{"@type":"Organization","@id":"https:\/\/www.c3carocorrea.com\/spanish\/#organization","name":"C3 Caro Correa","url":"https:\/\/www.c3carocorrea.com\/spanish\/","logo":{"@type":"ImageObject","inLanguage":"es-CO","@id":"https:\/\/www.c3carocorrea.com\/spanish\/#\/schema\/logo\/image\/","url":"https:\/\/www.c3carocorrea.com\/spanish\/wp-content\/uploads\/2025\/05\/nombre.png","contentUrl":"https:\/\/www.c3carocorrea.com\/spanish\/wp-content\/uploads\/2025\/05\/nombre.png","width":648,"height":110,"caption":"C3 Caro Correa"},"image":{"@id":"https:\/\/www.c3carocorrea.com\/spanish\/#\/schema\/logo\/image\/"}}]}},"_links":{"self":[{"href":"https:\/\/www.c3carocorrea.com\/spanish\/wp-json\/wp\/v2\/pages\/116","targetHints":{"allow":["GET"]}}],"collection":[{"href":"https:\/\/www.c3carocorrea.com\/spanish\/wp-json\/wp\/v2\/pages"}],"about":[{"href":"https:\/\/www.c3carocorrea.com\/spanish\/wp-json\/wp\/v2\/types\/page"}],"author":[{"embeddable":true,"href":"https:\/\/www.c3carocorrea.com\/spanish\/wp-json\/wp\/v2\/users\/1"}],"replies":[{"embeddable":true,"href":"https:\/\/www.c3carocorrea.com\/spanish\/wp-json\/wp\/v2\/comments?post=116"}],"version-history":[{"count":0,"href":"https:\/\/www.c3carocorrea.com\/spanish\/wp-json\/wp\/v2\/pages\/116\/revisions"}],"wp:attachment":[{"href":"https:\/\/www.c3carocorrea.com\/spanish\/wp-json\/wp\/v2\/media?parent=116"}],"curies":[{"name":"wp","href":"https:\/\/api.w.org\/{rel}","templated":true}]}}